{"id":204201,"date":"2018-09-03T13:20:16","date_gmt":"2018-09-03T11:20:16","guid":{"rendered":"http:\/\/www.geymo.es\/?page_id=204201"},"modified":"2018-10-18T00:46:30","modified_gmt":"2018-10-17T22:46:30","slug":"inicio","status":"publish","type":"page","link":"https:\/\/geymo.es\/","title":{"rendered":"Inicio"},"content":{"rendered":"<p>[et_pb_section fb_built=\u00bb1&#8243; fullwidth=\u00bbon\u00bb admin_label=\u00bbHeader Section\u00bb _builder_version=\u00bb3.4.1&#8243; background_image=\u00bbhttp:\/\/www.geymo.es\/wp-content\/uploads\/2018\/09\/dhmffh.jpg\u00bb parallax=\u00bbon\u00bb top_divider_style=\u00bbclouds2&#8243; top_divider_color=\u00bbrgba(255,255,255,0.6)\u00bb top_divider_height=\u00bb30%\u00bb][et_pb_fullwidth_header title=\u00bbAcademia Geymo\u00bb subhead=\u00bbBienvenido a Geymo\u00bb text_orientation=\u00bbcenter\u00bb _builder_version=\u00bb3.13&#8243; title_level=\u00bbh2&#8243; title_font=\u00bbRubik|700||on|||||\u00bb title_text_color=\u00bb#a93f90&#8243; title_font_size=\u00bb16px\u00bb title_letter_spacing=\u00bb5px\u00bb title_line_height=\u00bb2em\u00bb content_font=\u00bbRubik||||||||\u00bb content_font_size=\u00bb18px\u00bb content_font_size_phone=\u00bb16px\u00bb content_font_size_last_edited=\u00bbon|phone\u00bb content_line_height=\u00bb2em\u00bb subhead_font=\u00bbRubik|700|||||||\u00bb subhead_text_color=\u00bbrgba(0,0,0,0.8)\u00bb subhead_font_size=\u00bb50px\u00bb subhead_font_size_phone=\u00bb30px\u00bb subhead_font_size_last_edited=\u00bbon|phone\u00bb subhead_line_height=\u00bb1.4em\u00bb background_color=\u00bbrgba(255,250,242,0.9)\u00bb background_image=\u00bbhttp:\/\/www.geymo.es\/wp-content\/uploads\/2018\/09\/pencils-1.png\u00bb background_size=\u00bbcontain\u00bb background_position=\u00bbbottom_center\u00bb custom_button_two=\u00bbon\u00bb button_two_text_size=\u00bb16px\u00bb button_two_text_color=\u00bb#ffffff\u00bb button_two_bg_color=\u00bbrgba(0,0,0,0.6)\u00bb button_two_border_width=\u00bb15px\u00bb button_two_border_color=\u00bbrgba(210,159,104,0)\u00bb button_two_border_radius=\u00bb100px\u00bb button_two_letter_spacing=\u00bb0px\u00bb button_two_font=\u00bbRubik|700|||||||\u00bb button_two_use_icon=\u00bboff\u00bb button_two_bg_color_hover=\u00bb#ff8a70&#8243; button_two_border_radius_hover=\u00bb100px\u00bb custom_button_one=\u00bbon\u00bb button_one_text_size=\u00bb16px\u00bb button_one_text_color=\u00bb#ffffff\u00bb button_one_bg_color=\u00bb#ff7355&#8243; button_one_border_width=\u00bb15px\u00bb button_one_border_color=\u00bbrgba(210,159,104,0)\u00bb button_one_border_radius=\u00bb100px\u00bb button_one_letter_spacing=\u00bb0px\u00bb button_one_font=\u00bbRubik|700|||||||\u00bb button_one_use_icon=\u00bboff\u00bb button_one_bg_color_hover=\u00bb#ff8a70&#8243; button_one_border_radius_hover=\u00bb100px\u00bb box_shadow_style=\u00bbpreset6&#8243; box_shadow_vertical=\u00bb-10px\u00bb box_shadow_color=\u00bbrgba(0,0,0,0.2)\u00bb background_layout=\u00bblight\u00bb custom_margin=\u00bb|||\u00bb custom_padding=\u00bb10vw||24vw|\u00bb animation_style=\u00bbslide\u00bb animation_direction=\u00bbbottom\u00bb animation_intensity_slide=\u00bb1%\u00bb]Academia Geymo nace con la idea de ayudar y apoyar en el d\u00eda a d\u00eda a peque\u00f1os y mayores. Desde clases de apoyo escolar, refuerzo, talleres para adultos, preparaci\u00f3n de pruebas oficiales (acceso a la universidad, etc.), psicolog\u00eda, logopedia y pedagog\u00eda y mucho m\u00e1s&#8230;<br \/>\n[\/et_pb_fullwidth_header][\/et_pb_section][et_pb_section fb_built=\u00bb1&#8243; custom_padding_last_edited=\u00bboff|desktop\u00bb background_color_gradient_end_1=\u00bb#c7cbd4&#8243; admin_label=\u00bbapoyoescolar\u00bb module_id=\u00bbapoyoescolar\u00bb _builder_version=\u00bb3.13&#8243; custom_padding=\u00bb0px||0px||true\u00bb custom_padding_tablet=\u00bb20px||10px|\u00bb][et_pb_row make_fullwidth=\u00bbon\u00bb use_custom_gutter=\u00bbon\u00bb gutter_width=\u00bb1&#8243; custom_padding=\u00bb0px|0px|0px|0px\u00bb make_equal=\u00bbon\u00bb bg_img_1=\u00bbhttp:\/\/www.geymo.es\/wp-content\/uploads\/2018\/09\/Group-3-Copy.jpg\u00bb bg_img_2=\u00bbhttp:\/\/www.geymo.es\/wp-content\/uploads\/2018\/09\/Group-3-Copy-6.jpg\u00bb padding_top_bottom_link_1=\u00bbtrue\u00bb padding_top_bottom_link_2=\u00bbtrue\u00bb use_background_color_gradient_1=\u00bbon\u00bb use_background_color_gradient_2=\u00bbon\u00bb background_color_gradient_start_1=\u00bbrgba(227,232,242,0.72)\u00bb background_color_gradient_start_2=\u00bb#a93f90&#8243; background_color_gradient_end_1=\u00bb#e3e8f2&#8243; background_color_gradient_end_2=\u00bbrgba(255,115,85,0.6)\u00bb background_color_gradient_direction_1=\u00bb90deg\u00bb background_color_gradient_direction_2=\u00bb90deg\u00bb background_color_gradient_start_position_2=\u00bb40%\u00bb background_color_gradient_end_position_1=\u00bb60%\u00bb background_color_gradient_overlays_image_1=\u00bbon\u00bb background_color_gradient_overlays_image_2=\u00bbon\u00bb padding_top_1=\u00bb120px\u00bb padding_top_2=\u00bb120px\u00bb padding_right_1=\u00bb80px\u00bb padding_right_2=\u00bb10%\u00bb padding_bottom_1=\u00bb120px\u00bb padding_bottom_2=\u00bb120px\u00bb padding_left_1=\u00bb10%\u00bb padding_left_2=\u00bb80px\u00bb padding_1_tablet=\u00bb|10%||10%||true\u00bb padding_2_tablet=\u00bb|10%||10%||true\u00bb padding_1_last_edited=\u00bbon|tablet\u00bb padding_2_last_edited=\u00bbon|tablet\u00bb admin_label=\u00bbTwo CTA Row\u00bb _builder_version=\u00bb3.13&#8243;][et_pb_column type=\u00bb1_2&#8243; _builder_version=\u00bb3.0.47&#8243; padding_tablet=\u00bb|10%||10%||true\u00bb padding_last_edited=\u00bbon|tablet\u00bb padding_bottom=\u00bb120px\u00bb padding_left=\u00bb10%\u00bb padding_right=\u00bb80px\u00bb padding_top=\u00bb120px\u00bb bg_img=\u00bbhttp:\/\/www.geymo.es\/wp-content\/uploads\/2018\/09\/Group-3-Copy.jpg\u00bb parallax=\u00bboff\u00bb parallax_method=\u00bbon\u00bb use_background_color_gradient=\u00bbon\u00bb background_color_gradient_start=\u00bbrgba(227,232,242,0.72)\u00bb background_color_gradient_end=\u00bb#e3e8f2&#8243; background_color_gradient_direction=\u00bb90deg\u00bb background_color_gradient_end_position=\u00bb60%\u00bb background_color_gradient_overlays_image=\u00bbon\u00bb][et_pb_cta title=\u00bbApoyo escolar\u00bb button_url=\u00bbmailto:info@geymo.es\u00bb button_text=\u00bbCons\u00faltanos\u00bb admin_label=\u00bbSchool CTA\u00bb _builder_version=\u00bb3.13&#8243; header_font=\u00bbCabin Sketch|700||on|||||\u00bb header_font_size=\u00bb40px\u00bb header_font_size_phone=\u00bb30px\u00bb header_font_size_last_edited=\u00bbon|phone\u00bb header_letter_spacing=\u00bb6px\u00bb header_line_height=\u00bb1.5em\u00bb body_font=\u00bbRubik|500|||||||\u00bb body_line_height=\u00bb2em\u00bb use_background_color=\u00bboff\u00bb custom_button=\u00bbon\u00bb button_text_size=\u00bb16px\u00bb button_text_color=\u00bb#ffffff\u00bb button_bg_color=\u00bb#a93f90&#8243; button_border_width=\u00bb10px\u00bb button_border_color=\u00bbrgba(65,65,144,0)\u00bb button_border_radius=\u00bb70px\u00bb button_font=\u00bbRubik|700|||||||\u00bb button_use_icon=\u00bboff\u00bb button_text_color_hover=\u00bb#a93f90&#8243; button_bg_color_hover=\u00bb#ffffff\u00bb button_border_radius_hover=\u00bb70px\u00bb text_orientation=\u00bbleft\u00bb background_layout=\u00bblight\u00bb max_width=\u00bb600px\u00bb max_width_last_edited=\u00bboff|desktop\u00bb custom_margin=\u00bb|||\u00bb custom_padding=\u00bb|||\u00bb] Clases particulares y de refuerzo para alumnos de:<\/p>\n<ul>\n<li>Primaria<\/li>\n<li>E.S.O.<\/li>\n<li>Bachiller<\/li>\n<li>T\u00e9cnicas de estudio<\/li>\n<\/ul>\n<p>[\/et_pb_cta][et_pb_text _builder_version=\u00bb3.13&#8243; text_font=\u00bbRubik||||||||\u00bb link_font=\u00bb||||||||\u00bb link_text_color=\u00bb#000000&#8243; custom_margin=\u00bb40px|||\u00bb]<\/p>\n<ul>\n<li><strong>Direcci\u00f3n:<\/strong> Avenida Vicente Ferrer, 11 28918 Legan\u00e9s, Madrid<\/li>\n<li><strong>Tel\u00e9fono:<\/strong>\u00a0 91 044 37 94<\/li>\n<li>E<strong>mail:<\/strong>\u00a0<a style=\"font-size: 14px;\" href=\"mailto:hello@divi.edu\">i<\/a><a href=\"mailto:nfo@geymo.es \">nfo@geymo.es<\/a><\/li>\n<li><strong>Horario:<\/strong> L-V de 9 a 13:30 y de 16 a 22 horas<\/li>\n<\/ul>\n<p>[\/et_pb_text][\/et_pb_column][et_pb_column type=\u00bb1_2&#8243; _builder_version=\u00bb3.0.47&#8243; padding_tablet=\u00bb|10%||10%||true\u00bb padding_last_edited=\u00bbon|tablet\u00bb padding_bottom=\u00bb120px\u00bb padding_left=\u00bb80px\u00bb padding_right=\u00bb10%\u00bb padding_top=\u00bb120px\u00bb bg_img=\u00bbhttp:\/\/www.geymo.es\/wp-content\/uploads\/2018\/09\/Group-3-Copy-6.jpg\u00bb parallax=\u00bboff\u00bb parallax_method=\u00bbon\u00bb use_background_color_gradient=\u00bbon\u00bb background_color_gradient_start=\u00bb#a93f90&#8243; background_color_gradient_end=\u00bbrgba(255,115,85,0.6)\u00bb background_color_gradient_direction=\u00bb90deg\u00bb background_color_gradient_start_position=\u00bb40%\u00bb background_color_gradient_overlays_image=\u00bbon\u00bb][et_pb_cta title=\u00bbDivertirse aprendiendo\u00bb button_url=\u00bbhttp:\/\/www.geymo.es\/apoyo-escolar-estudio\/\u00bb button_text=\u00bbSaber m\u00e1s\u00bb admin_label=\u00bbSchool CTA\u00bb _builder_version=\u00bb3.13&#8243; header_font=\u00bbCabin Sketch|700||on|||||\u00bb header_font_size=\u00bb46px\u00bb header_font_size_phone=\u00bb30px\u00bb header_font_size_last_edited=\u00bbon|phone\u00bb header_letter_spacing=\u00bb6px\u00bb header_line_height=\u00bb1.5em\u00bb body_font=\u00bbRubik|500|||||||\u00bb body_line_height=\u00bb2em\u00bb use_background_color=\u00bboff\u00bb custom_button=\u00bbon\u00bb button_text_size=\u00bb16px\u00bb button_text_color=\u00bb#ffffff\u00bb button_bg_color=\u00bbrgba(255,255,255,0.1)\u00bb button_border_width=\u00bb10px\u00bb button_border_color=\u00bbrgba(65,65,144,0)\u00bb button_border_radius=\u00bb70px\u00bb button_font=\u00bbRubik|700|||||||\u00bb button_use_icon=\u00bboff\u00bb button_text_color_hover=\u00bb#a93f90&#8243; button_bg_color_hover=\u00bb#ffffff\u00bb button_border_radius_hover=\u00bb70px\u00bb text_orientation=\u00bbleft\u00bb max_width=\u00bb600px\u00bb max_width_last_edited=\u00bboff|desktop\u00bb module_alignment=\u00bbleft\u00bb custom_margin=\u00bb|||\u00bb custom_padding=\u00bb|||\u00bb]<\/p>\n<ul>\n<li>Nuestras clases de T\u00e9cnicas de Estudio y Aprendizaje te ofrecen la posibilidad de aprender de una forma mucho m\u00e1s eficaz, efectiva, y mucho m\u00e1s divertida. Trabajamos tu motivaci\u00f3n y autoestima para conseguir tus logros.<\/li>\n<li>Desde Geymo creemos que implantando una metodolog\u00eda en la persona son mucho m\u00e1s efectivas todas las tareas diarias, ya que nos permite descubrir cu\u00e1les son las necesidades del alumno y c\u00f3mo potenciarlas.<\/li>\n<\/ul>\n<p>[\/et_pb_cta][\/et_pb_column][\/et_pb_row][\/et_pb_section][et_pb_section fb_built=\u00bb1&#8243; admin_label=\u00bbOur Mission\u00bb module_id=\u00bbpsicologia\u00bb _builder_version=\u00bb3.13&#8243; use_background_color_gradient=\u00bbon\u00bb background_color_gradient_start=\u00bbrgba(233,239,243,0)\u00bb background_color_gradient_end=\u00bb#e9eff3&#8243; background_image=\u00bbhttp:\/\/www.geymo.es\/wp-content\/uploads\/2018\/09\/shapes-bg-color.png\u00bb parallax=\u00bbon\u00bb custom_padding=\u00bb54px|0px|80px|0px|false|false\u00bb][et_pb_row admin_label=\u00bbMission Row\u00bb _builder_version=\u00bb3.4.1&#8243; locked=\u00bboff\u00bb][et_pb_column type=\u00bb4_4&#8243; _builder_version=\u00bb3.0.47&#8243; parallax=\u00bboff\u00bb parallax_method=\u00bbon\u00bb][et_pb_blurb title=\u00bbPsicolog\u00eda, pedagog\u00eda y logopedia\u00bb _builder_version=\u00bb3.13&#8243; header_font=\u00bbCabin Sketch|700||on|||||\u00bb header_text_color=\u00bb#ff7355&#8243; header_font_size=\u00bb20px\u00bb header_letter_spacing=\u00bb5px\u00bb header_line_height=\u00bb1.5em\u00bb text_orientation=\u00bbcenter\u00bb custom_margin=\u00bb||0px|\u00bb locked=\u00bboff\u00bb][\/et_pb_blurb][et_pb_text _builder_version=\u00bb3.13&#8243; text_font=\u00bbRubik|500|||||||\u00bb text_font_size=\u00bb16px\u00bb text_line_height=\u00bb2em\u00bb text_line_height_last_edited=\u00bboff|desktop\u00bb header_font=\u00bb||||||||\u00bb header_2_font=\u00bbRubik|700|||||||\u00bb header_2_font_size=\u00bb40px\u00bb header_2_font_size_phone=\u00bb30px\u00bb header_2_font_size_last_edited=\u00bbon|phone\u00bb header_2_line_height=\u00bb1.4em\u00bb header_5_font=\u00bbRubik|700||on|||||\u00bb header_5_text_color=\u00bb#2b76df\u00bb header_5_letter_spacing=\u00bb5px\u00bb header_5_line_height=\u00bb1.5em\u00bb text_orientation=\u00bbcenter\u00bb max_width=\u00bb700px\u00bb module_alignment=\u00bbcenter\u00bb custom_margin=\u00bb|||\u00bb custom_margin_tablet=\u00bb0px|||\u00bb custom_margin_last_edited=\u00bboff|desktop\u00bb]<\/p>\n<h2>Profesionales a tu servicio<\/h2>\n<p>\u00bfHace tiempo notas que tu hijo tiene malos resultados acad\u00e9micos? \u00bfFalta de concentraci\u00f3n? \u00bfProblemas de conducta? etc. No esperes m\u00e1s para poner soluci\u00f3n, disponemos de un equipo de psic\u00f3logos, pedagogos y logopedas dispuestos a ayudarte y a trabajar con ellos para potenciar lo positivo y neutralizar lo negativo.<br \/>\n[\/et_pb_text][et_pb_button button_url=\u00bbmailto:info@geymo.es\u00bb button_text=\u00bbInf\u00f3rmate\u00bb button_alignment=\u00bbcenter\u00bb _builder_version=\u00bb3.13&#8243; custom_button=\u00bbon\u00bb button_text_size=\u00bb17px\u00bb button_bg_color=\u00bb#a93f90&#8243; button_border_width=\u00bb10px\u00bb button_border_color=\u00bbrgba(43,118,223,0)\u00bb button_border_radius=\u00bb100px\u00bb button_font=\u00bbRubik|700|||||||\u00bb button_use_icon=\u00bboff\u00bb button_text_color_hover=\u00bb#a93f90&#8243; button_bg_color_hover=\u00bb#ffffff\u00bb background_layout=\u00bbdark\u00bb locked=\u00bboff\u00bb][\/et_pb_button][\/et_pb_column][\/et_pb_row][\/et_pb_section][et_pb_section fb_built=\u00bb1&#8243; background_color_gradient_end_1=\u00bb#c7cbd4&#8243; admin_label=\u00bbPrinciple Quote\u00bb module_id=\u00bbtalleres\u00bb _builder_version=\u00bb3.13&#8243; custom_padding=\u00bb0|0px|0|0px|false|false\u00bb locked=\u00bboff\u00bb][et_pb_row make_fullwidth=\u00bbon\u00bb use_custom_gutter=\u00bbon\u00bb gutter_width=\u00bb1&#8243; custom_padding=\u00bb0px|0px|0px|0px\u00bb make_equal=\u00bbon\u00bb bg_img_1=\u00bbhttp:\/\/www.geymo.es\/wp-content\/uploads\/2018\/09\/jess-watters-483666-unsplash.jpg\u00bb bg_img_2=\u00bbhttp:\/\/www.geymo.es\/wp-content\/uploads\/2018\/09\/Group-3-Copy-6.jpg\u00bb padding_top_bottom_link_1=\u00bbtrue\u00bb padding_top_bottom_link_2=\u00bbtrue\u00bb use_background_color_gradient_1=\u00bbon\u00bb use_background_color_gradient_2=\u00bboff\u00bb background_color_gradient_start_1=\u00bbrgba(58,80,99,0.85)\u00bb background_color_gradient_start_2=\u00bb#ff7355&#8243; background_color_gradient_end_1=\u00bb#3a5063&#8243; background_color_gradient_end_2=\u00bbrgba(255,115,85,0.6)\u00bb background_color_gradient_direction_1=\u00bb90deg\u00bb background_color_gradient_direction_2=\u00bb90deg\u00bb background_color_gradient_overlays_image_1=\u00bbon\u00bb background_color_gradient_overlays_image_2=\u00bbon\u00bb padding_top_1=\u00bb120px\u00bb padding_top_2=\u00bb120px\u00bb padding_right_1=\u00bb80px\u00bb padding_right_2=\u00bb10%\u00bb padding_bottom_1=\u00bb120px\u00bb padding_bottom_2=\u00bb120px\u00bb padding_left_1=\u00bb10%\u00bb padding_left_2=\u00bb80px\u00bb padding_1_tablet=\u00bb|10%||10%||true\u00bb padding_2_tablet=\u00bb|10%||10%||true\u00bb padding_1_last_edited=\u00bbon|tablet\u00bb padding_2_last_edited=\u00bbon|tablet\u00bb admin_label=\u00bbTwo CTA Row\u00bb _builder_version=\u00bb3.13&#8243;][et_pb_column type=\u00bb1_2&#8243; _builder_version=\u00bb3.0.47&#8243; padding_tablet=\u00bb|10%||10%||true\u00bb padding_last_edited=\u00bbon|tablet\u00bb padding_bottom=\u00bb120px\u00bb padding_left=\u00bb10%\u00bb padding_right=\u00bb80px\u00bb padding_top=\u00bb120px\u00bb bg_img=\u00bbhttp:\/\/www.geymo.es\/wp-content\/uploads\/2018\/09\/jess-watters-483666-unsplash.jpg\u00bb parallax=\u00bboff\u00bb parallax_method=\u00bbon\u00bb use_background_color_gradient=\u00bbon\u00bb background_color_gradient_start=\u00bbrgba(58,80,99,0.85)\u00bb background_color_gradient_end=\u00bb#3a5063&#8243; background_color_gradient_direction=\u00bb90deg\u00bb background_color_gradient_overlays_image=\u00bbon\u00bb][et_pb_text admin_label=\u00bbTitle\u00bb _builder_version=\u00bb3.13&#8243; text_font=\u00bbRubik|500|||||||\u00bb text_font_size=\u00bb16px\u00bb text_line_height=\u00bb2em\u00bb text_line_height_last_edited=\u00bboff|desktop\u00bb quote_font=\u00bb||||||||\u00bb header_font=\u00bb||||||||\u00bb header_2_font=\u00bbRubik|700|||||||\u00bb header_2_font_size=\u00bb40px\u00bb header_2_font_size_phone=\u00bb30px\u00bb header_2_font_size_last_edited=\u00bbon|phone\u00bb header_2_line_height=\u00bb1.4em\u00bb header_5_font=\u00bbRubik|700||on|||||\u00bb header_5_letter_spacing=\u00bb5px\u00bb header_5_line_height=\u00bb1.2em\u00bb border_color_all=\u00bb#ff9c02&#8243; border_width_left=\u00bb8px\u00bb background_layout=\u00bbdark\u00bb max_width=\u00bb600px\u00bb max_width_last_edited=\u00bbon|phone\u00bb custom_margin=\u00bb|||\u00bb custom_margin_tablet=\u00bb|70px||70px\u00bb custom_margin_phone=\u00bb|50px||50px\u00bb custom_margin_last_edited=\u00bboff|desktop\u00bb custom_padding=\u00bb|||40px\u00bb locked=\u00bboff\u00bb inline_fonts=\u00bbSacramento\u00bb]<\/p>\n<h5>Talleres<\/h5>\n<h2>Para ni\u00f1os y adultos<\/h2>\n<p>Disponemos de varios talleres para ni\u00f1os y adultos que iremos actualizando y renovando peri\u00f3dicamente, talleres para ayudar a la concentraci\u00f3n y el aprendizaje utilizando diversas t\u00e9cnicas, como manualidades o arteterapia, consulta nuestra oferta actual.<br \/>\n[\/et_pb_text][et_pb_text _builder_version=\u00bb3.13&#8243; text_font=\u00bbSacramento||||||||\u00bb text_font_size=\u00bb32px\u00bb text_line_height=\u00bb2em\u00bb text_orientation=\u00bbright\u00bb background_layout=\u00bbdark\u00bb] Academia Geymo [\/et_pb_text][\/et_pb_column][et_pb_column type=\u00bb1_2&#8243; _builder_version=\u00bb3.0.47&#8243; padding_tablet=\u00bb|10%||10%||true\u00bb padding_last_edited=\u00bbon|tablet\u00bb padding_bottom=\u00bb120px\u00bb padding_left=\u00bb80px\u00bb padding_right=\u00bb10%\u00bb padding_top=\u00bb120px\u00bb bg_img=\u00bbhttp:\/\/www.geymo.es\/wp-content\/uploads\/2018\/09\/Group-3-Copy-6.jpg\u00bb parallax=\u00bboff\u00bb parallax_method=\u00bbon\u00bb use_background_color_gradient=\u00bboff\u00bb background_color_gradient_start=\u00bb#ff7355&#8243; background_color_gradient_end=\u00bbrgba(255,115,85,0.6)\u00bb background_color_gradient_direction=\u00bb90deg\u00bb background_color_gradient_overlays_image=\u00bbon\u00bb][et_pb_divider color=\u00bbrgba(0,0,0,0)\u00bb height=\u00bb340px\u00bb _builder_version=\u00bb3.13&#8243; locked=\u00bboff\u00bb][\/et_pb_divider][\/et_pb_column][\/et_pb_row][\/et_pb_section][et_pb_section fb_built=\u00bb1&#8243; fullwidth=\u00bbon\u00bb next_background_color=\u00bb#e3e3e8&#8243; admin_label=\u00bbSection\u00bb _builder_version=\u00bb3.4.1&#8243; bottom_divider_style=\u00bbclouds2&#8243;][et_pb_fullwidth_image src=\u00bbhttp:\/\/www.geymo.es\/wp-content\/uploads\/2018\/09\/blocks-bg.jpg\u00bb _builder_version=\u00bb3.4.1&#8243;][\/et_pb_fullwidth_image][\/et_pb_section][et_pb_section fb_built=\u00bb1&#8243; admin_label=\u00bbEvents\u00bb module_id=\u00bbcalendario\u00bb _builder_version=\u00bb3.13&#8243; background_color=\u00bb#e3e3e8&#8243; use_background_color_gradient=\u00bbon\u00bb background_color_gradient_start=\u00bb#e3e3e8&#8243; background_color_gradient_end=\u00bb#ffffff\u00bb background_color_gradient_overlays_image=\u00bbon\u00bb background_size=\u00bbinitial\u00bb background_position=\u00bbtop_center\u00bb custom_padding=\u00bb|||\u00bb][et_pb_row admin_label=\u00bbTitle Row\u00bb _builder_version=\u00bb3.4.1&#8243; locked=\u00bboff\u00bb][et_pb_column type=\u00bb4_4&#8243; _builder_version=\u00bb3.0.47&#8243; parallax=\u00bboff\u00bb parallax_method=\u00bbon\u00bb][et_pb_blurb title=\u00bbCalendario semanal\u00bb use_icon=\u00bbon\u00bb font_icon=\u00bb%%128%%\u00bb icon_color=\u00bb#ff7355&#8243; use_icon_font_size=\u00bbon\u00bb icon_font_size=\u00bb32px\u00bb _builder_version=\u00bb3.13&#8243; header_font=\u00bbCabin Sketch|700||on|||||\u00bb header_text_color=\u00bb#2b76df\u00bb header_font_size=\u00bb20px\u00bb header_letter_spacing=\u00bb5px\u00bb header_line_height=\u00bb1.4em\u00bb text_orientation=\u00bbcenter\u00bb custom_margin=\u00bb||0px|\u00bb][\/et_pb_blurb][et_pb_text _builder_version=\u00bb3.13&#8243; text_font=\u00bbRubik|500|||||||\u00bb text_font_size=\u00bb16px\u00bb text_line_height=\u00bb2em\u00bb text_line_height_last_edited=\u00bboff|desktop\u00bb header_font=\u00bb||||||||\u00bb header_2_font=\u00bbRubik|700|||||||\u00bb header_2_font_size=\u00bb40px\u00bb header_2_font_size_phone=\u00bb30px\u00bb header_2_font_size_last_edited=\u00bbon|phone\u00bb header_2_line_height=\u00bb1.4em\u00bb header_5_font=\u00bbRubik|700||on|||||\u00bb header_5_text_color=\u00bb#2b76df\u00bb header_5_letter_spacing=\u00bb5px\u00bb header_5_line_height=\u00bb1.5em\u00bb text_orientation=\u00bbcenter\u00bb max_width=\u00bb700px\u00bb module_alignment=\u00bbcenter\u00bb custom_margin=\u00bb|||\u00bb custom_margin_tablet=\u00bb0px|||\u00bb custom_margin_last_edited=\u00bboff|desktop\u00bb]<\/p>\n<h2>Precio seg\u00fan taller<\/h2>\n<p>Previa inscripci\u00f3n de forma presencial, plazas limitadas<\/p>\n<p>[\/et_pb_text][\/et_pb_column][\/et_pb_row][et_pb_row custom_padding=\u00bb|||\u00bb background_color_1=\u00bb#7f5aff\u00bb background_color_2=\u00bb#ff7355&#8243; background_color_3=\u00bb#466177&#8243; padding_top_bottom_link_1=\u00bbtrue\u00bb padding_top_bottom_link_2=\u00bbtrue\u00bb padding_top_bottom_link_3=\u00bbtrue\u00bb padding_left_right_link_1=\u00bbtrue\u00bb padding_left_right_link_2=\u00bbtrue\u00bb padding_left_right_link_3=\u00bbtrue\u00bb padding_top_1=\u00bb30px\u00bb padding_top_2=\u00bb30px\u00bb padding_top_3=\u00bb30px\u00bb padding_right_1=\u00bb20px\u00bb padding_right_2=\u00bb20px\u00bb padding_right_3=\u00bb20px\u00bb padding_bottom_1=\u00bb30px\u00bb padding_bottom_2=\u00bb30px\u00bb padding_bottom_3=\u00bb30px\u00bb padding_left_1=\u00bb20px\u00bb padding_left_2=\u00bb20px\u00bb padding_left_3=\u00bb20px\u00bb disabled_on=\u00bbon|on|on\u00bb admin_label=\u00bbEvents Row\u00bb _builder_version=\u00bb3.13&#8243; animation_style=\u00bbfade\u00bb locked=\u00bboff\u00bb][et_pb_column type=\u00bb1_2&#8243; _builder_version=\u00bb3.0.47&#8243; padding_bottom=\u00bb30px\u00bb padding_left=\u00bb20px\u00bb padding_right=\u00bb20px\u00bb padding_top=\u00bb30px\u00bb background_color=\u00bb#7f5aff\u00bb parallax=\u00bboff\u00bb parallax_method=\u00bbon\u00bb][et_pb_text _builder_version=\u00bb3.13&#8243; text_font=\u00bb||||||||\u00bb header_font=\u00bb||||||||\u00bb header_2_font=\u00bb||||||||\u00bb header_3_font=\u00bbCabin Sketch||||||||\u00bb header_3_font_size=\u00bb60px\u00bb header_4_font=\u00bbRubik||||||||\u00bb header_4_font_size=\u00bb16px\u00bb background_color=\u00bbrgba(255,255,255,0.2)\u00bb border_radii=\u00bbon|20px|20px|20px|20px\u00bb text_orientation=\u00bbcenter\u00bb background_layout=\u00bbdark\u00bb max_width=\u00bb120px\u00bb custom_margin=\u00bb||||false\u00bb custom_padding=\u00bb15px||15px|\u00bb]<\/p>\n<h3>19<\/h3>\n<h4>Oct<\/h4>\n<p>[\/et_pb_text][et_pb_text _builder_version=\u00bb3.13&#8243; text_font=\u00bb||||||||\u00bb text_line_height=\u00bb2em\u00bb text_line_height_last_edited=\u00bboff|desktop\u00bb header_font=\u00bb||||||||\u00bb header_3_font=\u00bb||||||||\u00bb header_4_font=\u00bbRubik||||||||\u00bb header_4_font_size=\u00bb16px\u00bb header_4_line_height=\u00bb1.5em\u00bb background_layout=\u00bbdark\u00bb custom_margin=\u00bb||||false\u00bb custom_padding=\u00bb|||\u00bb]<\/p>\n<h4>Taller de scrapbooking<\/h4>\n<p>18:30 a 20:00 para ni\u00f1@s a partir de 7 a\u00f1os. Precio: <strong>15\u20ac<\/strong><\/p>\n<p>[\/et_pb_text][et_pb_toggle title=\u00bbM\u00e1s informaci\u00f3n\u00bb open_toggle_text_color=\u00bb#ffffff\u00bb open_toggle_background_color=\u00bbrgba(0,0,0,0)\u00bb closed_toggle_text_color=\u00bb#ffffff\u00bb closed_toggle_background_color=\u00bbrgba(0,0,0,0)\u00bb icon_color=\u00bb#ffffff\u00bb _builder_version=\u00bb3.13&#8243; title_font=\u00bbRubik||||||||\u00bb body_font=\u00bb||||||||\u00bb body_text_color=\u00bb#ffffff\u00bb body_line_height=\u00bb2em\u00bb border_width_all=\u00bb0px\u00bb custom_padding=\u00bb0px|0px|0px|0px|true|true\u00bb locked=\u00bboff\u00bb]<\/p>\n<p>Realizaci\u00f3n de distintas actividades con recortes de revistas y peri\u00f3dicos.<\/p>\n<p>[\/et_pb_toggle][\/et_pb_column][et_pb_column type=\u00bb1_2&#8243; _builder_version=\u00bb3.0.47&#8243; padding_bottom=\u00bb30px\u00bb padding_left=\u00bb20px\u00bb padding_right=\u00bb20px\u00bb padding_top=\u00bb30px\u00bb background_color=\u00bb#ff7355&#8243; parallax=\u00bboff\u00bb parallax_method=\u00bbon\u00bb][et_pb_text _builder_version=\u00bb3.13&#8243; text_font=\u00bb||||||||\u00bb header_font=\u00bb||||||||\u00bb header_2_font=\u00bb||||||||\u00bb header_3_font=\u00bbCabin Sketch||||||||\u00bb header_3_font_size=\u00bb60px\u00bb header_4_font=\u00bbRubik||||||||\u00bb header_4_font_size=\u00bb16px\u00bb background_color=\u00bbrgba(255,255,255,0.2)\u00bb border_radii=\u00bbon|20px|20px|20px|20px\u00bb text_orientation=\u00bbcenter\u00bb background_layout=\u00bbdark\u00bb max_width=\u00bb120px\u00bb custom_margin=\u00bb||||false\u00bb custom_padding=\u00bb15px||15px|\u00bb]<\/p>\n<h3>28<\/h3>\n<h4>Sep<\/h4>\n<p>[\/et_pb_text][et_pb_text _builder_version=\u00bb3.3&#8243; text_font=\u00bb||||||||\u00bb text_line_height=\u00bb2em\u00bb header_font=\u00bb||||||||\u00bb header_3_font=\u00bb||||||||\u00bb header_4_font=\u00bbRubik||||||||\u00bb header_4_font_size=\u00bb16px\u00bb header_4_line_height=\u00bb1.5em\u00bb background_layout=\u00bbdark\u00bb custom_margin=\u00bb||||false\u00bb custom_padding=\u00bb|||\u00bb]<\/p>\n<h4>Taller de manualidades<\/h4>\n<p>11:00 a 12:30 para ni\u00f1@s a partir de 3 a\u00f1os. Precio: <strong>10\u20ac<\/strong><\/p>\n<p>[\/et_pb_text][et_pb_toggle title=\u00bbM\u00e1s informaci\u00f3n\u00bb open_toggle_text_color=\u00bb#ffffff\u00bb open_toggle_background_color=\u00bbrgba(0,0,0,0)\u00bb closed_toggle_text_color=\u00bb#ffffff\u00bb closed_toggle_background_color=\u00bbrgba(0,0,0,0)\u00bb icon_color=\u00bb#ffffff\u00bb _builder_version=\u00bb3.13&#8243; title_font=\u00bbRubik||||||||\u00bb body_font=\u00bb||||||||\u00bb body_text_color=\u00bb#ffffff\u00bb body_line_height=\u00bb2em\u00bb border_width_all=\u00bb0px\u00bb custom_padding=\u00bb0px|0px|0px|0px|true|true\u00bb locked=\u00bboff\u00bb]<\/p>\n<p><b>Taller de manualidades: C\u00f3mo construir mu\u00f1ecos con calcetines.<\/b><\/p>\n<p>[\/et_pb_toggle][\/et_pb_column][\/et_pb_row][et_pb_row custom_padding=\u00bb|||\u00bb background_color_1=\u00bb#20bc2a\u00bb background_color_2=\u00bb#0c71c3&#8243; background_color_3=\u00bb#466177&#8243; padding_top_bottom_link_1=\u00bbtrue\u00bb padding_top_bottom_link_2=\u00bbtrue\u00bb padding_top_bottom_link_3=\u00bbtrue\u00bb padding_left_right_link_1=\u00bbtrue\u00bb padding_left_right_link_2=\u00bbtrue\u00bb padding_left_right_link_3=\u00bbtrue\u00bb padding_top_1=\u00bb30px\u00bb padding_top_2=\u00bb30px\u00bb padding_top_3=\u00bb30px\u00bb padding_right_1=\u00bb20px\u00bb padding_right_2=\u00bb20px\u00bb padding_right_3=\u00bb20px\u00bb padding_bottom_1=\u00bb30px\u00bb padding_bottom_2=\u00bb30px\u00bb padding_bottom_3=\u00bb30px\u00bb padding_left_1=\u00bb20px\u00bb padding_left_2=\u00bb20px\u00bb padding_left_3=\u00bb20px\u00bb disabled_on=\u00bbon|on|on\u00bb admin_label=\u00bbEvents Row\u00bb _builder_version=\u00bb3.13&#8243; animation_style=\u00bbfade\u00bb locked=\u00bboff\u00bb][et_pb_column type=\u00bb1_2&#8243; _builder_version=\u00bb3.0.47&#8243; padding_bottom=\u00bb30px\u00bb padding_left=\u00bb20px\u00bb padding_right=\u00bb20px\u00bb padding_top=\u00bb30px\u00bb background_color=\u00bb#20bc2a\u00bb parallax=\u00bboff\u00bb parallax_method=\u00bbon\u00bb][et_pb_text _builder_version=\u00bb3.13&#8243; text_font=\u00bb||||||||\u00bb header_font=\u00bb||||||||\u00bb header_2_font=\u00bb||||||||\u00bb header_3_font=\u00bbCabin Sketch||||||||\u00bb header_3_font_size=\u00bb60px\u00bb header_4_font=\u00bbRubik||||||||\u00bb header_4_font_size=\u00bb16px\u00bb background_color=\u00bbrgba(255,255,255,0.2)\u00bb border_radii=\u00bbon|20px|20px|20px|20px\u00bb text_orientation=\u00bbcenter\u00bb background_layout=\u00bbdark\u00bb max_width=\u00bb120px\u00bb custom_margin=\u00bb||||false\u00bb custom_padding=\u00bb15px||15px|\u00bb]<\/p>\n<h3>06<\/h3>\n<h4>Oct<\/h4>\n<p>[\/et_pb_text][et_pb_text _builder_version=\u00bb3.13&#8243; text_font=\u00bb||||||||\u00bb text_line_height=\u00bb2em\u00bb text_line_height_last_edited=\u00bboff|desktop\u00bb header_font=\u00bb||||||||\u00bb header_3_font=\u00bb||||||||\u00bb header_4_font=\u00bbRubik||||||||\u00bb header_4_font_size=\u00bb16px\u00bb header_4_line_height=\u00bb1.5em\u00bb background_layout=\u00bbdark\u00bb custom_margin=\u00bb||||false\u00bb custom_padding=\u00bb|||\u00bb]<\/p>\n<h4>Taller de manualidades<\/h4>\n<p>11:00 a 12:00 para ni\u00f1@s de 3 a 6 a\u00f1os<br \/>\n[\/et_pb_text][et_pb_toggle title=\u00bbM\u00e1s informaci\u00f3n\u00bb open_toggle_text_color=\u00bb#ffffff\u00bb open_toggle_background_color=\u00bbrgba(0,0,0,0)\u00bb closed_toggle_text_color=\u00bb#ffffff\u00bb closed_toggle_background_color=\u00bbrgba(0,0,0,0)\u00bb icon_color=\u00bb#ffffff\u00bb _builder_version=\u00bb3.13&#8243; title_font=\u00bbRubik||||||||\u00bb body_font=\u00bb||||||||\u00bb body_text_color=\u00bb#ffffff\u00bb body_line_height=\u00bb2em\u00bb border_width_all=\u00bb0px\u00bb custom_padding=\u00bb0px|0px|0px|0px|true|true\u00bb locked=\u00bboff\u00bb]Trabajo individual y grupal, desarrollo de la concentraci\u00f3n, disminuci\u00f3n de estr\u00e9s, creatividad, diversi\u00f3n, sorpresas, entretenimiento.<br \/>\n[\/et_pb_toggle][\/et_pb_column][et_pb_column type=\u00bb1_2&#8243; _builder_version=\u00bb3.0.47&#8243; padding_bottom=\u00bb30px\u00bb padding_left=\u00bb20px\u00bb padding_right=\u00bb20px\u00bb padding_top=\u00bb30px\u00bb background_color=\u00bb#0c71c3&#8243; parallax=\u00bboff\u00bb parallax_method=\u00bbon\u00bb][et_pb_text _builder_version=\u00bb3.13&#8243; text_font=\u00bb||||||||\u00bb header_font=\u00bb||||||||\u00bb header_2_font=\u00bb||||||||\u00bb header_3_font=\u00bbCabin Sketch||||||||\u00bb header_3_font_size=\u00bb60px\u00bb header_4_font=\u00bbRubik||||||||\u00bb header_4_font_size=\u00bb16px\u00bb background_color=\u00bbrgba(255,255,255,0.2)\u00bb border_radii=\u00bbon|20px|20px|20px|20px\u00bb text_orientation=\u00bbcenter\u00bb background_layout=\u00bbdark\u00bb max_width=\u00bb120px\u00bb custom_margin=\u00bb||||false\u00bb custom_padding=\u00bb15px||15px|\u00bb]<\/p>\n<h3>06<\/h3>\n<h4>Oct<\/h4>\n<p>[\/et_pb_text][et_pb_text _builder_version=\u00bb3.3&#8243; text_font=\u00bb||||||||\u00bb text_line_height=\u00bb2em\u00bb header_font=\u00bb||||||||\u00bb header_3_font=\u00bb||||||||\u00bb header_4_font=\u00bbRubik||||||||\u00bb header_4_font_size=\u00bb16px\u00bb header_4_line_height=\u00bb1.5em\u00bb background_layout=\u00bbdark\u00bb custom_margin=\u00bb||||false\u00bb custom_padding=\u00bb|||\u00bb]<\/p>\n<h4>Taller de manualidades<\/h4>\n<p>12:30 a 14:00 para ni\u00f1@s de 7 a 14 a\u00f1os<br \/>\n[\/et_pb_text][et_pb_toggle title=\u00bbM\u00e1s informaci\u00f3n\u00bb open_toggle_text_color=\u00bb#ffffff\u00bb open_toggle_background_color=\u00bbrgba(0,0,0,0)\u00bb closed_toggle_text_color=\u00bb#ffffff\u00bb closed_toggle_background_color=\u00bbrgba(0,0,0,0)\u00bb icon_color=\u00bb#ffffff\u00bb _builder_version=\u00bb3.13&#8243; title_font=\u00bbRubik||||||||\u00bb body_font=\u00bb||||||||\u00bb body_text_color=\u00bb#ffffff\u00bb body_line_height=\u00bb2em\u00bb border_width_all=\u00bb0px\u00bb custom_padding=\u00bb0px|0px|0px|0px|true|true\u00bb locked=\u00bboff\u00bb]Trabajo individual y grupal, desarrollo de la concentraci\u00f3n, disminuci\u00f3n de estr\u00e9s, creatividad, diversi\u00f3n, sorpresas, entretenimiento.<br \/>\n[\/et_pb_toggle][\/et_pb_column][\/et_pb_row][et_pb_row _builder_version=\u00bb3.4.1&#8243; locked=\u00bboff\u00bb][et_pb_column type=\u00bb4_4&#8243; _builder_version=\u00bb3.0.47&#8243; parallax=\u00bboff\u00bb parallax_method=\u00bbon\u00bb][et_pb_button button_url=\u00bb#top\u00bb button_text=\u00bbCalendario completo\u00bb button_alignment=\u00bbcenter\u00bb disabled_on=\u00bbon|on|on\u00bb _builder_version=\u00bb3.13&#8243; custom_button=\u00bbon\u00bb button_text_size=\u00bb17px\u00bb button_bg_color=\u00bb#2b76df\u00bb button_border_width=\u00bb10px\u00bb button_border_color=\u00bbrgba(43,118,223,0)\u00bb button_border_radius=\u00bb100px\u00bb button_font=\u00bbRubik|700|||||||\u00bb button_use_icon=\u00bboff\u00bb button_bg_color_hover=\u00bb#4f8bdd\u00bb background_layout=\u00bbdark\u00bb locked=\u00bboff\u00bb][\/et_pb_button][\/et_pb_column][\/et_pb_row][\/et_pb_section][et_pb_section fb_built=\u00bb1&#8243; admin_label=\u00bbpruebas\u00bb module_id=\u00bbpruebasoficiales\u00bb _builder_version=\u00bb3.13&#8243; use_background_color_gradient=\u00bbon\u00bb background_color_gradient_start=\u00bbrgba(233,239,243,0)\u00bb background_color_gradient_end=\u00bb#e9eff3&#8243; background_image=\u00bbhttp:\/\/www.geymo.es\/wp-content\/uploads\/2018\/09\/shapes-bg-1.png\u00bb parallax=\u00bbon\u00bb custom_padding=\u00bb54px|0px|54px|0px|false|false\u00bb][et_pb_row padding_top_2=\u00bb30px\u00bb admin_label=\u00bbFacilities Row\u00bb _builder_version=\u00bb3.4.1&#8243;][et_pb_column type=\u00bb2_3&#8243; _builder_version=\u00bb3.0.47&#8243; parallax=\u00bboff\u00bb parallax_method=\u00bbon\u00bb][et_pb_text _builder_version=\u00bb3.13&#8243; text_font=\u00bbRubik|500|||||||\u00bb text_font_size=\u00bb16px\u00bb text_line_height=\u00bb2em\u00bb text_line_height_last_edited=\u00bboff|desktop\u00bb header_font=\u00bb||||||||\u00bb header_2_font=\u00bbRubik|700|||||||\u00bb header_2_font_size=\u00bb40px\u00bb header_2_font_size_phone=\u00bb30px\u00bb header_2_font_size_last_edited=\u00bbon|phone\u00bb header_2_line_height=\u00bb1.4em\u00bb header_5_font=\u00bbRubik|700||on|||||\u00bb header_5_text_color=\u00bb#2b76df\u00bb header_5_letter_spacing=\u00bb5px\u00bb header_5_line_height=\u00bb1.5em\u00bb max_width=\u00bb700px\u00bb module_alignment=\u00bbcenter\u00bb custom_margin=\u00bb|||\u00bb custom_margin_tablet=\u00bb0px|||\u00bb custom_margin_last_edited=\u00bboff|desktop\u00bb]<\/p>\n<h5>pruebas oficiales<\/h5>\n<h2>Prep\u00e1rate con nosotros<\/h2>\n<p>Ofrecemos ayuda y formaci\u00f3n para preparar cualquier tipo de examen oficial, desde la selectividad o EvAU, prueba de acceso a la universidad para mayores, graduado escolar&#8230; [\/et_pb_text][et_pb_image src=\u00bbhttp:\/\/www.geymo.es\/wp-content\/uploads\/2018\/09\/class-close-up-diary-8769.jpg\u00bb _builder_version=\u00bb3.13&#8243;][\/et_pb_image][et_pb_button button_url=\u00bbhttp:\/\/www.geymo.es\/pruebas-oficiales\/\u00bb button_text=\u00bbSaber m\u00e1s\u00bb button_alignment=\u00bbcenter\u00bb _builder_version=\u00bb3.13&#8243; custom_button=\u00bbon\u00bb button_text_size=\u00bb17px\u00bb button_bg_color=\u00bb#a93f90&#8243; button_border_width=\u00bb10px\u00bb button_border_color=\u00bbrgba(43,118,223,0)\u00bb button_border_radius=\u00bb100px\u00bb button_font=\u00bbRubik|700|||||||\u00bb button_use_icon=\u00bboff\u00bb button_text_color_hover=\u00bb#a93f90&#8243; button_bg_color_hover=\u00bb#ffffff\u00bb background_layout=\u00bbdark\u00bb locked=\u00bboff\u00bb][\/et_pb_button][\/et_pb_column][et_pb_column type=\u00bb1_3&#8243; _builder_version=\u00bb3.0.47&#8243; padding_top=\u00bb30px\u00bb parallax=\u00bboff\u00bb parallax_method=\u00bbon\u00bb][et_pb_accordion admin_label=\u00bbFacilities Accordion\u00bb _builder_version=\u00bb3.13&#8243; body_font=\u00bb|500|||||||\u00bb body_text_color=\u00bb#ffffff\u00bb body_font_size=\u00bb14px\u00bb body_line_height=\u00bb2em\u00bb body_line_height_last_edited=\u00bboff|desktop\u00bb toggle_font=\u00bbRubik|700|||||||\u00bb toggle_line_height=\u00bb1.4em\u00bb custom_padding=\u00bb|||\u00bb][et_pb_accordion_item title=\u00bbAcceso a la universidad\u00bb open=\u00bbon\u00bb open_toggle_text_color=\u00bb#ffffff\u00bb open_toggle_background_color=\u00bb#a93f90&#8243; closed_toggle_text_color=\u00bb#ffffff\u00bb closed_toggle_background_color=\u00bb#4c5c67&#8243; _builder_version=\u00bb3.13&#8243; title_text_shadow_horizontal_length=\u00bb0em\u00bb title_text_shadow_vertical_length=\u00bb0em\u00bb title_text_shadow_blur_strength=\u00bb0em\u00bb body_text_shadow_horizontal_length=\u00bb0em\u00bb body_text_shadow_vertical_length=\u00bb0em\u00bb body_text_shadow_blur_strength=\u00bb0em\u00bb border_radii=\u00bbon|8px|8px|8px|8px\u00bb border_width_all=\u00bb0px\u00bb custom_margin=\u00bb||20px|\u00bb custom_padding=\u00bb|||\u00bb]Podr\u00e1s comenzar tus clases en nuestra Academia\u00a0 en cualquier momento y de forma inmediata. Tenemos grupos de ma\u00f1ana y grupos de tarde pudiendo prepararte con la ense\u00f1anza personalizada que nos caracteriza. Podemos darte el curso completo de selectividad o tambi\u00e9n asignaturas sueltas. Podemos ayudarte a mejorar tu nota prepar\u00e1ndote la fase general o la fase espec\u00edfica. [\/et_pb_accordion_item][et_pb_accordion_item title=\u00bbAcceso a universidad para mayores\u00bb open=\u00bboff\u00bb open_toggle_text_color=\u00bb#ffffff\u00bb open_toggle_background_color=\u00bb#a93f90&#8243; closed_toggle_text_color=\u00bb#ffffff\u00bb closed_toggle_background_color=\u00bb#4c5c67&#8243; _builder_version=\u00bb3.13&#8243; title_text_shadow_horizontal_length=\u00bb0em\u00bb title_text_shadow_vertical_length=\u00bb0em\u00bb title_text_shadow_blur_strength=\u00bb0em\u00bb body_text_shadow_horizontal_length=\u00bb0em\u00bb body_text_shadow_vertical_length=\u00bb0em\u00bb body_text_shadow_blur_strength=\u00bb0em\u00bb border_radii=\u00bbon|8px|8px|8px|8px\u00bb border_width_all=\u00bb0px\u00bb custom_margin=\u00bb||20px|\u00bb custom_padding=\u00bb|||\u00bb]Nunca es tarde para estudiar y con nuestras clases y grupos reducidos tendr\u00e1s todo lo necesario para aprobar el examen de acceso. Si quieres, puedes. [\/et_pb_accordion_item][et_pb_accordion_item title=\u00bbGraduado en E.S.O.\u00bb open=\u00bboff\u00bb open_toggle_text_color=\u00bb#ffffff\u00bb open_toggle_background_color=\u00bb#a93f90&#8243; closed_toggle_text_color=\u00bb#ffffff\u00bb closed_toggle_background_color=\u00bb#4c5c67&#8243; _builder_version=\u00bb3.13&#8243; title_text_shadow_horizontal_length=\u00bb0em\u00bb title_text_shadow_vertical_length=\u00bb0em\u00bb title_text_shadow_blur_strength=\u00bb0em\u00bb body_text_shadow_horizontal_length=\u00bb0em\u00bb body_text_shadow_vertical_length=\u00bb0em\u00bb body_text_shadow_blur_strength=\u00bb0em\u00bb border_radii=\u00bbon|8px|8px|8px|8px\u00bb border_width_all=\u00bb0px\u00bb custom_margin=\u00bb||20px|\u00bb custom_padding=\u00bb|||\u00bb]La forma mas r\u00e1pida de aprobar el T\u00edtulo Graduado ESO o graduado escolar es la prueba libre de graduado ESO. Esta prueba tiene dos convocatorias anuales una en el segundo trimestre y otra en el tercer trimestre. Ten\u00e9is la posibilidad de elegir horarios de ma\u00f1ana, tarde o rotativos. [\/et_pb_accordion_item][et_pb_accordion_item title=\u00bbAcceso a ciclos formativos\u00bb open=\u00bboff\u00bb open_toggle_text_color=\u00bb#ffffff\u00bb open_toggle_background_color=\u00bb#a93f90&#8243; closed_toggle_text_color=\u00bb#ffffff\u00bb closed_toggle_background_color=\u00bb#4c5c67&#8243; _builder_version=\u00bb3.13&#8243; title_text_shadow_horizontal_length=\u00bb0em\u00bb title_text_shadow_vertical_length=\u00bb0em\u00bb title_text_shadow_blur_strength=\u00bb0em\u00bb body_text_shadow_horizontal_length=\u00bb0em\u00bb body_text_shadow_vertical_length=\u00bb0em\u00bb body_text_shadow_blur_strength=\u00bb0em\u00bb border_radii=\u00bbon|8px|8px|8px|8px\u00bb border_width_all=\u00bb0px\u00bb custom_margin=\u00bb||20px|\u00bb custom_padding=\u00bb|||\u00bb]En <strong>Academia Geymo<\/strong>\u00a0podr\u00e1s preparar tus ex\u00e1menes para la <strong>Prueba de Acceso a Ciclos de Grado Medio.\u00a0<\/strong>El examen consta de 3 partes: socioling\u00fc\u00edstica, matem\u00e1ticas y tecnol\u00f3gica (o experiencia demostrable).<br \/>\n[\/et_pb_accordion_item][\/et_pb_accordion][\/et_pb_column][\/et_pb_row][\/et_pb_section][et_pb_section fb_built=\u00bb1&#8243; admin_label=\u00bbAcademia\u00bb module_id=\u00bbacademia\u00bb _builder_version=\u00bb3.13&#8243; background_color=\u00bb#e9eff3&#8243; custom_padding=\u00bb54px|0px|54px|0px|false|false\u00bb][et_pb_row admin_label=\u00bbTitle Row\u00bb _builder_version=\u00bb3.3&#8243;][et_pb_column type=\u00bb4_4&#8243; _builder_version=\u00bb3.0.47&#8243; parallax=\u00bboff\u00bb parallax_method=\u00bbon\u00bb][et_pb_blurb title=\u00bbLa academia\u00bb use_icon=\u00bbon\u00bb font_icon=\u00bb%%72%%\u00bb icon_color=\u00bb#ff7355&#8243; use_icon_font_size=\u00bbon\u00bb icon_font_size=\u00bb32px\u00bb _builder_version=\u00bb3.13&#8243; header_font=\u00bbCabin Sketch|700||on|||||\u00bb header_text_color=\u00bb#2b76df\u00bb header_font_size=\u00bb20px\u00bb header_letter_spacing=\u00bb5px\u00bb header_line_height=\u00bb1.5em\u00bb text_orientation=\u00bbcenter\u00bb custom_margin=\u00bb||0px|\u00bb locked=\u00bboff\u00bb][\/et_pb_blurb][et_pb_text _builder_version=\u00bb3.13&#8243; text_font=\u00bbRubik|500|||||||\u00bb text_font_size=\u00bb16px\u00bb text_line_height=\u00bb2em\u00bb text_line_height_last_edited=\u00bboff|desktop\u00bb header_font=\u00bb||||||||\u00bb header_2_font=\u00bbRubik|700|||||||\u00bb header_2_font_size=\u00bb40px\u00bb header_2_line_height=\u00bb1.4em\u00bb header_5_font=\u00bbRubik|700||on|||||\u00bb header_5_text_color=\u00bb#2b76df\u00bb header_5_letter_spacing=\u00bb5px\u00bb header_5_line_height=\u00bb1.5em\u00bb text_orientation=\u00bbcenter\u00bb max_width=\u00bb600px\u00bb module_alignment=\u00bbcenter\u00bb]<\/p>\n<h2>Ven a visitarnos<\/h2>\n<p>Conoce nuestras instalaciones e inf\u00f3rmate de nuestra oferta completa. [\/et_pb_text][\/et_pb_column][\/et_pb_row][et_pb_row _builder_version=\u00bb3.13&#8243;][et_pb_column type=\u00bb1_2&#8243; _builder_version=\u00bb3.0.47&#8243; parallax=\u00bboff\u00bb parallax_method=\u00bbon\u00bb][et_pb_gallery gallery_ids=\u00bb204354,204353,204352,204351&#8243; show_title_and_caption=\u00bboff\u00bb show_pagination=\u00bboff\u00bb _builder_version=\u00bb3.13&#8243;][\/et_pb_gallery][\/et_pb_column][et_pb_column type=\u00bb1_2&#8243; _builder_version=\u00bb3.0.47&#8243; parallax=\u00bboff\u00bb parallax_method=\u00bbon\u00bb][et_pb_code _builder_version=\u00bb3.13&#8243;]&lt;iframe src=&quot;https:\/\/www.google.com\/maps\/embed?pb=!1m18!1m12!1m3!1d3041.1012462295644!2d-3.7873794852936755!3d40.34009996822162!2m3!1f0!2f0!3f0!3m2!1i1024!2i768!4f13.1!3m3!1m2!1s0xd418977e39b9c47%3A0xcbe645d21cf4aae8!2sAv.+Vicente+Ferrer%2C+11%2C+28918+Legan%C3%A9s%2C+Madrid!5e0!3m2!1ses!2ses!4v1536332033518&quot; width=&quot;600&quot; height=&quot;450&quot; frameborder=&quot;0&quot; style=&quot;border:0&quot; allowfullscreen&gt;&lt;\/iframe&gt;[\/et_pb_code][\/et_pb_column][\/et_pb_row][\/et_pb_section]<\/p>\n","protected":false},"excerpt":{"rendered":"<p>Academia Geymo nace con la idea de ayudar y apoyar en el d\u00eda a d\u00eda a peque\u00f1os y mayores. Desde clases de apoyo escolar, refuerzo, talleres para adultos, preparaci\u00f3n de pruebas oficiales (acceso a la universidad, etc.), psicolog\u00eda, logopedia y pedagog\u00eda y mucho m\u00e1s&#8230; Clases particulares y de refuerzo para alumnos de: Primaria E.S.O. Bachiller [&hellip;]<\/p>\n","protected":false},"author":1,"featured_media":0,"parent":0,"menu_order":0,"comment_status":"closed","ping_status":"closed","template":"","meta":{"_et_pb_use_builder":"on","_et_pb_old_content":"","_et_gb_content_width":"","_monsterinsights_skip_tracking":false,"footnotes":""},"class_list":["post-204201","page","type-page","status-publish","hentry"],"_links":{"self":[{"href":"https:\/\/geymo.es\/index.php?rest_route=\/wp\/v2\/pages\/204201","targetHints":{"allow":["GET"]}}],"collection":[{"href":"https:\/\/geymo.es\/index.php?rest_route=\/wp\/v2\/pages"}],"about":[{"href":"https:\/\/geymo.es\/index.php?rest_route=\/wp\/v2\/types\/page"}],"author":[{"embeddable":true,"href":"https:\/\/geymo.es\/index.php?rest_route=\/wp\/v2\/users\/1"}],"replies":[{"embeddable":true,"href":"https:\/\/geymo.es\/index.php?rest_route=%2Fwp%2Fv2%2Fcomments&post=204201"}],"version-history":[{"count":43,"href":"https:\/\/geymo.es\/index.php?rest_route=\/wp\/v2\/pages\/204201\/revisions"}],"predecessor-version":[{"id":204411,"href":"https:\/\/geymo.es\/index.php?rest_route=\/wp\/v2\/pages\/204201\/revisions\/204411"}],"wp:attachment":[{"href":"https:\/\/geymo.es\/index.php?rest_route=%2Fwp%2Fv2%2Fmedia&parent=204201"}],"curies":[{"name":"wp","href":"https:\/\/api.w.org\/{rel}","templated":true}]}}